{"id":1559,"date":"2015-07-09T22:02:52","date_gmt":"2015-07-09T22:02:52","guid":{"rendered":"http:\/\/amazoniasites.com.br\/demo1\/?page_id=35"},"modified":"2023-07-06T19:58:14","modified_gmt":"2023-07-06T19:58:14","slug":"sobre-o-site","status":"publish","type":"page","link":"https:\/\/fetracomdf.com.br\/site\/sobre-o-site\/","title":{"rendered":"QUEM SOMOS"},"content":{"rendered":"<p><span class=\"style43\"><span style=\"font-family: Verdana;\">\u00a0\u00a0\u00a0\u00a0 A Federa\u00e7\u00e3o dos Trabalhadores no Com\u00e9rcio do Distrito Federal &#8211; Fetracom-DF foi criada em 15 de janeiro de 1986, com o objetivo de proteger os direitos e interesses das categorias profissionais e dos sindicatos filiados, no \u00e2mbito distrital, federal e tamb\u00e9m diante dos poderes Executivo, Legislativo e Judici\u00e1rio. Entre as suas atribui\u00e7\u00f5es principais est\u00e1 a colabora\u00e7\u00e3o, como \u00f3rg\u00e3o t\u00e9cnico e consultivo, no estudo e solu\u00e7\u00e3o dos problemas das categorias de sua base de atua\u00e7\u00e3o.<\/span><\/span><\/p>\n<p><span class=\"style43\"><span style=\"font-family: Verdana;\">A Fetracom-DF ganhou um novo impulso em julho de 2004, quando tomou posse a nova diretoria da entidade, ap\u00f3s uma elei\u00e7\u00e3o que mudou os rumos de atua\u00e7\u00e3o. A Fetracom-DF ganhou for\u00e7a e credibilidade. Hoje ela representa cerca de 200 mil profissionais, nas mais variadas \u00e1reas laborais do com\u00e9rcio do DF.<\/span><\/span><\/p>\n<p><span class=\"style43\"><span style=\"font-family: Verdana;\">Entre os sindicatos que a integram est\u00e3o o Sindicato dos Comerci\u00e1rios do DF, o Sindicato dos Empregados no Com\u00e9rcio Atacadista do Distrito Federal Sindecat), Sindicato dos Empregados de Carnes Frescas, em geral e seus similares (Seconcar), Sindicato dos trabalhadores de empresas locadoras de filmes em DVD, VHS, Disco Laser e jogos gravados eletronicamente (Sindapoio), Sindicato dos Trabalhadores Vidreiros e Similares do Distrito Federal (Sindividros) e Sindicato dos Instrutores e Empregados em Auto-Escola B e AB do Distrito Federal . A Fetracom-DF tamb\u00e9m representa das categorias inorganizadas &#8211; aquelas que n\u00e3o possuem um sindicato pr\u00f3prio.<\/span><\/span><\/p>\n<p><strong>\u00a0\u00a0\u00a0\u00a0A Federa\u00e7\u00e3o dos Trabalhadores no Com\u00e9rcio do DF &#8211; FETRACOM-DF foi criada em janeiro de 1986, representando a concretiza\u00e7\u00e3o de uma antiga luta de v\u00e1rios sindicatos de empregados da \u00e1rea do com\u00e9rcio. <\/strong><\/p>\n<p class=\"style25\" align=\"justify\">\u00a0\u00a0\u00a0\u00a0Entre as principais entidades que estiveram \u00e0 frente do processo de cria\u00e7\u00e3o da FETRACOM-DF destacaram-se o Sindicato dos Comerci\u00e1rios do DF, como ainda outros sindicatos, como o dos empregados no com\u00e9rcio de derivados de petr\u00f3leo, dos empregados em hot\u00e9is, etc.<\/p>\n<p class=\"style25\" align=\"justify\">\u00a0\u00a0\u00a0\u00a0O ex-presidente do Sindicato dos Comerci\u00e1rios, Jos\u00e9 Neves Filho, acabou se tornando o primeiro presidente eleito da FETRACOM- DF. At\u00e9 hoje, o Sindicato dos Comerci\u00e1rios do DF \u00e9 a principal entidade que se mant\u00e9m na base da Federa\u00e7\u00e3o, representando mais de 80 mil comerci\u00e1rios. Inicialmente, a FETRACOM-DF funcionava no edif\u00edcio Anhanguera, no Setor Comercial Sul. Atualmente sua sede fica no edif\u00edcio Arnaldo Villares, salas 418,419,420 e 421. Sua atual diretoria foi eleita no \u00faltimo dia 21 de julho.<\/p>\n<p class=\"style25\" align=\"justify\">\u00a0\u00a0\u00a0\u00a0A chapa liderada pela presidenta do Sindicato dos Comerci\u00e1rios do DF, Geralda Godinho, venceu as elei\u00e7\u00f5es para o tri\u00eanio 2004\/2007 e tomou posse no \u00faltimo dia 31 de agosto, em solenidade no audit\u00f3rio da Associa\u00e7\u00e3o Comercial do DF. Participaram comerci\u00e1rios, l\u00edderes sindicais e empresariais, representante do Minist\u00e9rio do Trabalho e ainda o Ministro do Esporte, Agnelo Queiroz, que destacou seu reconhecimento \u00e0 luta dos novos diretores da Fetracom &#8211; DF.<\/p>\n<h3><strong>Principais Objetivos<\/strong><\/h3>\n<p class=\"style25\" align=\"justify\"><span class=\"style25\">\u00a0\u00a0Entre os principais objetivos da entidade, est\u00e3o, por exemplo, a prote\u00e7\u00e3o dos direitos e interesses da categoria profissional, dos trabalhadores no Com\u00e9rcio, no \u00e2mbito a estadual, perante os poderes Executivo, Legislativo e Judici\u00e1rio, entidades p\u00fablicas, privadas e terceiros. <\/span><\/p>\n<p class=\"style25\" align=\"justify\">\u00a0\u00a0\u00a0\u00a0A Federa\u00e7\u00e3o tem como uma das atribui\u00e7\u00f5es colaborar, como \u00f3rg\u00e3o t\u00e9cnico e consultivo, no estudo e solu\u00e7\u00e3o dos problemas que se relacionam com as categorias profissionais que coordena. Al\u00e9m disso, celebra conven\u00e7\u00f5es, acordos ou pode ainda suscitar diss\u00eddios coletivos. Cabe ainda \u00e0 Fetracom-DF criar servi\u00e7os de consultorias t\u00e9cnicas para atender auxiliar os sindicatos filiados e interceder junto \u00e0s autoridades no sentido de dar r\u00e1pido andamento na solu\u00e7\u00e3o dos problemas de interesse da classe.<\/p>\n","protected":false},"excerpt":{"rendered":"<p>\u00a0\u00a0\u00a0\u00a0 A Federa\u00e7\u00e3o dos Trabalhadores no Com\u00e9rcio do Distrito Federal &#8211; Fetracom-DF foi criada em 15 de janeiro de 1986, com o objetivo de proteger os direitos e interesses das categorias profissionais e dos sindicatos filiados, no \u00e2mbito distrital, federal e tamb\u00e9m diante dos poderes Executivo, Legislativo e Judici\u00e1rio. Entre as suas atribui\u00e7\u00f5es principais est\u00e1 [&hellip;]<\/p>\n","protected":false},"author":2,"featured_media":0,"parent":0,"menu_order":0,"comment_status":"open","ping_status":"open","template":"","meta":{"footnotes":""},"class_list":["post-1559","page","type-page","status-publish"],"yoast_head":"<!-- This site is optimized with the Yoast SEO plugin v22.5 - https:\/\/yoast.com\/wordpress\/plugins\/seo\/ -->\n<title>QUEM SOMOS - FETRACOM-DF<\/title>\n<meta name=\"robots\" content=\"index, follow, max-snippet:-1, max-image-preview:large, max-video-preview:-1\" \/>\n<link rel=\"canonical\" href=\"https:\/\/fetracomdf.com.br\/site\/sobre-o-site\/\" \/>\n<meta property=\"og:locale\" content=\"pt_PT\" \/>\n<meta property=\"og:type\" content=\"article\" \/>\n<meta property=\"og:title\" content=\"QUEM SOMOS - FETRACOM-DF\" \/>\n<meta property=\"og:description\" content=\"\u00a0\u00a0\u00a0\u00a0 A Federa\u00e7\u00e3o dos Trabalhadores no Com\u00e9rcio do Distrito Federal &#8211; Fetracom-DF foi criada em 15 de janeiro de 1986, com o objetivo de proteger os direitos e interesses das categorias profissionais e dos sindicatos filiados, no \u00e2mbito distrital, federal e tamb\u00e9m diante dos poderes Executivo, Legislativo e Judici\u00e1rio. Entre as suas atribui\u00e7\u00f5es principais est\u00e1 [&hellip;]\" \/>\n<meta property=\"og:url\" content=\"https:\/\/fetracomdf.com.br\/site\/sobre-o-site\/\" \/>\n<meta property=\"og:site_name\" content=\"FETRACOM-DF\" \/>\n<meta property=\"article:modified_time\" content=\"2023-07-06T19:58:14+00:00\" \/>\n<meta name=\"twitter:card\" content=\"summary_large_image\" \/>\n<meta name=\"twitter:label1\" content=\"Tempo estimado de leitura\" \/>\n\t<meta name=\"twitter:data1\" content=\"3 minutos\" \/>\n<script type=\"application\/ld+json\" class=\"yoast-schema-graph\">{\"@context\":\"https:\/\/schema.org\",\"@graph\":[{\"@type\":\"WebPage\",\"@id\":\"https:\/\/fetracomdf.com.br\/site\/sobre-o-site\/\",\"url\":\"https:\/\/fetracomdf.com.br\/site\/sobre-o-site\/\",\"name\":\"QUEM SOMOS - FETRACOM-DF\",\"isPartOf\":{\"@id\":\"https:\/\/fetracomdf.com.br\/site\/#website\"},\"datePublished\":\"2015-07-09T22:02:52+00:00\",\"dateModified\":\"2023-07-06T19:58:14+00:00\",\"breadcrumb\":{\"@id\":\"https:\/\/fetracomdf.com.br\/site\/sobre-o-site\/#breadcrumb\"},\"inLanguage\":\"pt-PT\",\"potentialAction\":[{\"@type\":\"ReadAction\",\"target\":[\"https:\/\/fetracomdf.com.br\/site\/sobre-o-site\/\"]}]},{\"@type\":\"BreadcrumbList\",\"@id\":\"https:\/\/fetracomdf.com.br\/site\/sobre-o-site\/#breadcrumb\",\"itemListElement\":[{\"@type\":\"ListItem\",\"position\":1,\"name\":\"In\u00edcio\",\"item\":\"https:\/\/fetracomdf.com.br\/site\/\"},{\"@type\":\"ListItem\",\"position\":2,\"name\":\"QUEM SOMOS\"}]},{\"@type\":\"WebSite\",\"@id\":\"https:\/\/fetracomdf.com.br\/site\/#website\",\"url\":\"https:\/\/fetracomdf.com.br\/site\/\",\"name\":\"FETRACOM-DF\",\"description\":\"Federa\u00e7\u00e3o dos Trabalhadores no Com\u00e9rcio e Servi\u00e7os do DF\",\"potentialAction\":[{\"@type\":\"SearchAction\",\"target\":{\"@type\":\"EntryPoint\",\"urlTemplate\":\"https:\/\/fetracomdf.com.br\/site\/?s={search_term_string}\"},\"query-input\":\"required name=search_term_string\"}],\"inLanguage\":\"pt-PT\"}]}<\/script>\n<!-- \/ Yoast SEO plugin. -->","yoast_head_json":{"title":"QUEM SOMOS - FETRACOM-DF","robots":{"index":"index","follow":"follow","max-snippet":"max-snippet:-1","max-image-preview":"max-image-preview:large","max-video-preview":"max-video-preview:-1"},"canonical":"https:\/\/fetracomdf.com.br\/site\/sobre-o-site\/","og_locale":"pt_PT","og_type":"article","og_title":"QUEM SOMOS - FETRACOM-DF","og_description":"\u00a0\u00a0\u00a0\u00a0 A Federa\u00e7\u00e3o dos Trabalhadores no Com\u00e9rcio do Distrito Federal &#8211; Fetracom-DF foi criada em 15 de janeiro de 1986, com o objetivo de proteger os direitos e interesses das categorias profissionais e dos sindicatos filiados, no \u00e2mbito distrital, federal e tamb\u00e9m diante dos poderes Executivo, Legislativo e Judici\u00e1rio. Entre as suas atribui\u00e7\u00f5es principais est\u00e1 [&hellip;]","og_url":"https:\/\/fetracomdf.com.br\/site\/sobre-o-site\/","og_site_name":"FETRACOM-DF","article_modified_time":"2023-07-06T19:58:14+00:00","twitter_card":"summary_large_image","twitter_misc":{"Tempo estimado de leitura":"3 minutos"},"schema":{"@context":"https:\/\/schema.org","@graph":[{"@type":"WebPage","@id":"https:\/\/fetracomdf.com.br\/site\/sobre-o-site\/","url":"https:\/\/fetracomdf.com.br\/site\/sobre-o-site\/","name":"QUEM SOMOS - FETRACOM-DF","isPartOf":{"@id":"https:\/\/fetracomdf.com.br\/site\/#website"},"datePublished":"2015-07-09T22:02:52+00:00","dateModified":"2023-07-06T19:58:14+00:00","breadcrumb":{"@id":"https:\/\/fetracomdf.com.br\/site\/sobre-o-site\/#breadcrumb"},"inLanguage":"pt-PT","potentialAction":[{"@type":"ReadAction","target":["https:\/\/fetracomdf.com.br\/site\/sobre-o-site\/"]}]},{"@type":"BreadcrumbList","@id":"https:\/\/fetracomdf.com.br\/site\/sobre-o-site\/#breadcrumb","itemListElement":[{"@type":"ListItem","position":1,"name":"In\u00edcio","item":"https:\/\/fetracomdf.com.br\/site\/"},{"@type":"ListItem","position":2,"name":"QUEM SOMOS"}]},{"@type":"WebSite","@id":"https:\/\/fetracomdf.com.br\/site\/#website","url":"https:\/\/fetracomdf.com.br\/site\/","name":"FETRACOM-DF","description":"Federa\u00e7\u00e3o dos Trabalhadores no Com\u00e9rcio e Servi\u00e7os do DF","potentialAction":[{"@type":"SearchAction","target":{"@type":"EntryPoint","urlTemplate":"https:\/\/fetracomdf.com.br\/site\/?s={search_term_string}"},"query-input":"required name=search_term_string"}],"inLanguage":"pt-PT"}]}},"_links":{"self":[{"href":"https:\/\/fetracomdf.com.br\/site\/wp-json\/wp\/v2\/pages\/1559","targetHints":{"allow":["GET"]}}],"collection":[{"href":"https:\/\/fetracomdf.com.br\/site\/wp-json\/wp\/v2\/pages"}],"about":[{"href":"https:\/\/fetracomdf.com.br\/site\/wp-json\/wp\/v2\/types\/page"}],"author":[{"embeddable":true,"href":"https:\/\/fetracomdf.com.br\/site\/wp-json\/wp\/v2\/users\/2"}],"replies":[{"embeddable":true,"href":"https:\/\/fetracomdf.com.br\/site\/wp-json\/wp\/v2\/comments?post=1559"}],"version-history":[{"count":2,"href":"https:\/\/fetracomdf.com.br\/site\/wp-json\/wp\/v2\/pages\/1559\/revisions"}],"predecessor-version":[{"id":2579,"href":"https:\/\/fetracomdf.com.br\/site\/wp-json\/wp\/v2\/pages\/1559\/revisions\/2579"}],"wp:attachment":[{"href":"https:\/\/fetracomdf.com.br\/site\/wp-json\/wp\/v2\/media?parent=1559"}],"curies":[{"name":"wp","href":"https:\/\/api.w.org\/{rel}","templated":true}]}}